{"version":"1.0","provider_name":"Ayuntamiento de la Vila Joiosa","provider_url":"https:\/\/www.villajoyosa.com\/val\/","author_name":"Maria Jos\u00e9 Mata","author_url":"https:\/\/www.villajoyosa.com\/val\/author\/mj-mata\/","title":"INSCRIPCI\u00d3 TALLER D'INSERCI\u00d3 SOCIOCULTURAL MITJAN\u00c7ANT LA LLENGUA - Ayuntamiento de la Vila Joiosa","type":"rich","width":600,"height":338,"html":"<blockquote class=\"wp-embedded-content\" data-secret=\"J4iwmw5JRv\"><a href=\"https:\/\/www.villajoyosa.com\/val\/event\/taller-dinsercio-sociocultural-mitjancant-la-llengua\/\">INSCRIPCI\u00d3 TALLER D&#8217;INSERCI\u00d3 SOCIOCULTURAL MITJAN\u00c7ANT LA LLENGUA<\/a><\/blockquote><iframe sandbox=\"allow-scripts\" security=\"restricted\" src=\"https:\/\/www.villajoyosa.com\/val\/event\/taller-dinsercio-sociocultural-mitjancant-la-llengua\/embed\/#?secret=J4iwmw5JRv\" width=\"600\" height=\"338\" title=\"&#8220;INSCRIPCI\u00d3 TALLER D&#8217;INSERCI\u00d3 SOCIOCULTURAL MITJAN\u00c7ANT LA LLENGUA&#8221; &#8212; Ayuntamiento de la Vila Joiosa\" data-secret=\"J4iwmw5JRv\" frameborder=\"0\" marginwidth=\"0\" marginheight=\"0\" scrolling=\"no\" class=\"wp-embedded-content\"><\/iframe><script>\n\/*! This file is auto-generated *\/\n!function(d,l){\"use strict\";l.querySelector&&d.addEventListener&&\"undefined\"!=typeof URL&&(d.wp=d.wp||{},d.wp.receiveEmbedMessage||(d.wp.receiveEmbedMessage=function(e){var t=e.data;if((t||t.secret||t.message||t.value)&&!\/[^a-zA-Z0-9]\/.test(t.secret)){for(var s,r,n,a=l.querySelectorAll('iframe[data-secret=\"'+t.secret+'\"]'),o=l.querySelectorAll('blockquote[data-secret=\"'+t.secret+'\"]'),c=new RegExp(\"^https?:$\",\"i\"),i=0;i<o.length;i++)o[i].style.display=\"none\";for(i=0;i<a.length;i++)s=a[i],e.source===s.contentWindow&&(s.removeAttribute(\"style\"),\"height\"===t.message?(1e3<(r=parseInt(t.value,10))?r=1e3:~~r<200&&(r=200),s.height=r):\"link\"===t.message&&(r=new URL(s.getAttribute(\"src\")),n=new URL(t.value),c.test(n.protocol))&&n.host===r.host&&l.activeElement===s&&(d.top.location.href=t.value))}},d.addEventListener(\"message\",d.wp.receiveEmbedMessage,!1),l.addEventListener(\"DOMContentLoaded\",function(){for(var e,t,s=l.querySelectorAll(\"iframe.wp-embedded-content\"),r=0;r<s.length;r++)(t=(e=s[r]).getAttribute(\"data-secret\"))||(t=Math.random().toString(36).substring(2,12),e.src+=\"#?secret=\"+t,e.setAttribute(\"data-secret\",t)),e.contentWindow.postMessage({message:\"ready\",secret:t},\"*\")},!1)))}(window,document);\n\/\/# sourceURL=https:\/\/www.villajoyosa.com\/wp-includes\/js\/wp-embed.min.js\n<\/script>\n","thumbnail_url":"https:\/\/www.villajoyosa.com\/wp-content\/uploads\/2025\/08\/Cartel-Taller-Insercio-Sociocultural-V_page-0001.jpg","thumbnail_width":1688,"thumbnail_height":2110,"description":"La regidoria de Serveis Socials i Igualtat ofereix una nova edici\u00f3 del Taller d\u2019inserci\u00f3n sociocultural mitjan\u00e7ant la llengua. El termini d\u2019inscripci\u00f3 est\u00e0 obert fins el dia 30 de septiembre al centre social Llar del Pensionista. Les sessions s\u2019impartiran dilluns i dimecres en horari de mat\u00ed durant els mesos d\u2019octubre a desembre. SOL.LICITUD D&#8217;INSCRIPCI\u00d3"}